{"id":154627,"date":"2022-08-19T07:15:11","date_gmt":"2022-08-19T10:15:11","guid":{"rendered":"https:\/\/www.famivita.com\/pt\/?page_id=154627"},"modified":"2025-03-05T04:12:07","modified_gmt":"2025-03-05T07:12:07","slug":"sobre-nossos-autores","status":"publish","type":"page","link":"https:\/\/www.famivita.com\/pt\/sobre-nossos-autores\/","title":{"rendered":"Nossos Autores"},"content":{"rendered":"<p>Para n\u00f3s, credibilidade e transpar\u00eancia s\u00e3o essenciais. Pensando nisso, nossos artigos s\u00e3o escritos e revisados por um corpo de especialistas da \u00e1rea da sa\u00fade.<\/p>\n<div class=\"single_author_wrap\"><div class=\"author_slides_dot\"><div class=\"single_author\"> \r\n\t\t\t<div class=\"author_top_wrap\">   \t\r\n\t\t\t\t<div class=\"author_img\"><img decoding=\"async\" data-skip-lazy width=\"96\" src=\"https:\/\/www.famivita.com\/wp-content\/uploads\/2022\/08\/patricia-amorim.jpg\" \/><\/div>\r\n\t\t\t\t<div class=\"author_top_right\">\r\n\t\t\t\t\t<div class=\"author_bio_title\"><a href=\"https:\/\/www.famivita.com\/pt\/author\/patricia-amorim\/\">Patricia Amorim<\/a><\/div>\r\n\t\t\t\t\t<div class=\"author_bio_designation\">Expert em Maternidade<\/div>\r\n\t\t\t\t\t<div class=\"author_bio_crm\"><\/div>\r\n\t\t\t\t<\/div>\r\n\t\t\t<\/div>\r\n\t\t\t      \r\n\t\t\t<div class=\"author_bio_desc\">Tentante por 7 anos e agora m\u00e3e de 3, Patricia \u00e9 autora e idealizadora do portal Trocando Fraldas e da marca Famivita.<\/div>\r\n\r\n            <\/div><div class=\"single_author\"> \r\n\t\t\t<div class=\"author_top_wrap\">   \t\r\n\t\t\t\t<div class=\"author_img\"><img decoding=\"async\" data-skip-lazy width=\"96\" src=\"https:\/\/www.famivita.com\/wp-content\/uploads\/2022\/08\/dra-malu-frade-martins.jpg\" \/><\/div>\r\n\t\t\t\t<div class=\"author_top_right\">\r\n\t\t\t\t\t<div class=\"author_bio_title\"><a href=\"https:\/\/www.famivita.com\/pt\/author\/dra-malu-frade-martins\/\">Dra. Malu Frade<\/a><\/div>\r\n\t\t\t\t\t<div class=\"author_bio_designation\">Ginecologista e Obstetra<\/div>\r\n\t\t\t\t\t<div class=\"author_bio_crm\">CRM-SP 178668 \/ RQE 90102<\/div>\r\n\t\t\t\t<\/div>\r\n\t\t\t<\/div>\r\n\t\t\t      \r\n\t\t\t<div class=\"author_bio_desc\">Revisora m\u00e9dica graduada pela Universidade Estadual do Par\u00e1, especialista em ginecologia, obstetr\u00edcia e reprodu\u00e7\u00e3o humana pela UNIFESP.<\/div>\r\n\r\n            <\/div><div class=\"single_author\"> \r\n\t\t\t<div class=\"author_top_wrap\">   \t\r\n\t\t\t\t<div class=\"author_img\"><img decoding=\"async\" data-skip-lazy width=\"96\" src=\"https:\/\/www.famivita.com\/wp-content\/uploads\/2022\/08\/dra-mariana-grecco.jpg\" \/><\/div>\r\n\t\t\t\t<div class=\"author_top_right\">\r\n\t\t\t\t\t<div class=\"author_bio_title\"><a href=\"https:\/\/www.famivita.com\/pt\/author\/dra-mariana-grecco-de-araujo\/\">Dra. Mariana Grecco<\/a><\/div>\r\n\t\t\t\t\t<div class=\"author_bio_designation\">Ginecologista e Obstetra<\/div>\r\n\t\t\t\t\t<div class=\"author_bio_crm\">CRM 175089 \/ RQE 89187<\/div>\r\n\t\t\t\t<\/div>\r\n\t\t\t<\/div>\r\n\t\t\t      \r\n\t\t\t<div class=\"author_bio_desc\">Revisora m\u00e9dica graduada pela Faculdade de Ci\u00eancias M\u00e9dicas de Santos, especialista em ginecologia, obstetr\u00edcia e reprodu\u00e7\u00e3o humana pela UNIFESP.<\/div>\r\n\r\n            <\/div><div class=\"single_author\"> \r\n\t\t\t<div class=\"author_top_wrap\">   \t\r\n\t\t\t\t<div class=\"author_img\"><img decoding=\"async\" data-skip-lazy width=\"96\" src=\"https:\/\/www.famivita.com\/wp-content\/uploads\/2022\/08\/dra-kelly-alessandra-da-silva.jpg\" \/><\/div>\r\n\t\t\t\t<div class=\"author_top_right\">\r\n\t\t\t\t\t<div class=\"author_bio_title\"><a href=\"https:\/\/www.famivita.com\/pt\/author\/dra-kelly-alessandra-da-silva-tavares\/\">Dra. Kelly Alessandra<\/a><\/div>\r\n\t\t\t\t\t<div class=\"author_bio_designation\">Ginecologista e Obstetra<\/div>\r\n\t\t\t\t\t<div class=\"author_bio_crm\">CRM-SP 117. 434<\/div>\r\n\t\t\t\t<\/div>\r\n\t\t\t<\/div>\r\n\t\t\t      \r\n\t\t\t<div class=\"author_bio_desc\">Revisora m\u00e9dica graduada pela Faculdade de Medicina do ABC, especialista em ginecologia e obstetr\u00edcia e mestre em ci\u00eancia da sa\u00fade.<\/div>\r\n\r\n            <\/div><div class=\"single_author\"> \r\n\t\t\t<div class=\"author_top_wrap\">   \t\r\n\t\t\t\t<div class=\"author_img\"><img decoding=\"async\" data-skip-lazy width=\"96\" src=\"https:\/\/www.famivita.com\/wp-content\/uploads\/2022\/08\/mayara-belli.jpg\" \/><\/div>\r\n\t\t\t\t<div class=\"author_top_right\">\r\n\t\t\t\t\t<div class=\"author_bio_title\"><a href=\"https:\/\/www.famivita.com\/pt\/author\/dra-mayara-belli\/\">Dra. Mayara Belli<\/a><\/div>\r\n\t\t\t\t\t<div class=\"author_bio_designation\">Nutricionista<\/div>\r\n\t\t\t\t\t<div class=\"author_bio_crm\">CRN-3 55966<\/div>\r\n\t\t\t\t<\/div>\r\n\t\t\t<\/div>\r\n\t\t\t      \r\n\t\t\t<div class=\"author_bio_desc\">Revisora nutricionista graduada pela Universidade Anhembi Morumbi, especialista em nutri\u00e7\u00e3o materno-infantil e fertilidade.<\/div>\r\n\r\n            <\/div><\/div><\/div>\n","protected":false},"excerpt":{"rendered":"<p>Para n\u00f3s, credibilidade e transpar\u00eancia s\u00e3o essenciais. Pensando nisso, nossos artigos s\u00e3o escritos e revisados por um corpo de especialistas da \u00e1rea da sa\u00fade.<\/p>\n","protected":false},"author":3,"featured_media":0,"parent":0,"menu_order":0,"comment_status":"closed","ping_status":"closed","template":"page-templates\/authors-page-template.php","meta":{"_acf_changed":false,"footnotes":""},"class_list":["post-154627","page","type-page","status-publish","hentry"],"acf":[],"yoast_head":"<!-- This site is optimized with the Yoast SEO plugin v26.3 - https:\/\/yoast.com\/wordpress\/plugins\/seo\/ -->\n<title>Nossos Autores | Famivita<\/title>\n<meta name=\"robots\" content=\"index, follow, max-snippet:-1, max-image-preview:large, max-video-preview:-1\" \/>\n<link rel=\"canonical\" href=\"https:\/\/www.famivita.com\/pt\/sobre-nossos-autores\/\" \/>\n<meta property=\"og:locale\" content=\"pt_PT\" \/>\n<meta property=\"og:type\" content=\"article\" \/>\n<meta property=\"og:title\" content=\"Nossos Autores | Famivita\" \/>\n<meta property=\"og:description\" content=\"Para n\u00f3s, credibilidade e transpar\u00eancia s\u00e3o essenciais. Pensando nisso, nossos artigos s\u00e3o escritos e revisados por um corpo de especialistas da \u00e1rea da sa\u00fade.\" \/>\n<meta property=\"og:url\" content=\"https:\/\/www.famivita.com\/pt\/sobre-nossos-autores\/\" \/>\n<meta property=\"og:site_name\" content=\"Famivita\" \/>\n<meta property=\"article:modified_time\" content=\"2025-03-05T07:12:07+00:00\" \/>\n<meta name=\"twitter:card\" content=\"summary_large_image\" \/>\n<script type=\"application\/ld+json\" class=\"yoast-schema-graph\">{\"@context\":\"https:\/\/schema.org\",\"@graph\":[{\"@type\":\"WebPage\",\"@id\":\"https:\/\/www.famivita.com\/pt\/sobre-nossos-autores\/\",\"url\":\"https:\/\/www.famivita.com\/pt\/sobre-nossos-autores\/\",\"name\":\"Nossos Autores | Famivita\",\"isPartOf\":{\"@id\":\"https:\/\/www.famivita.com\/pt\/#website\",\"sameAs\":[\"https:\/\/www.instagram.com\/famivita\/\",\"https:\/\/www.facebook.com\/famivita\/\",\"https:\/\/www.youtube.com\/user\/trocandofraldasyt\",\"https:\/\/api.whatsapp.com\/send\/?phone=5511917837433\"]},\"datePublished\":\"2022-08-19T10:15:11+00:00\",\"dateModified\":\"2025-03-05T07:12:07+00:00\",\"breadcrumb\":{\"@id\":\"https:\/\/www.famivita.com\/pt\/sobre-nossos-autores\/#breadcrumb\"},\"inLanguage\":\"pt-PT\",\"potentialAction\":[{\"@type\":\"ReadAction\",\"target\":[\"https:\/\/www.famivita.com\/pt\/sobre-nossos-autores\/\"]}],\"about\":{\"@type\":\"Organization\",\"@id\":\"https:\/\/www.famivita.com.br\/#organization\",\"name\":\"Famivita\",\"logo\":\"https:\/\/www.famivita.com.br\/wp-content\/themes\/storefront-child\/header_footer_html\/images\/logo_mobile2.svg\",\"url\":\"https:\/\/www.famivita.com.br\/\",\"address\":{\"@type\":\"PostalAddress\",\"streetAddress\":\"Rua Benedito Fernandes, 545, Santo Amaro\",\"addressLocality\":\"S\u00e3o Paulo\",\"addressRegion\":\"S\u00e3o Paulo\",\"postalCode\":\"04746-110\",\"addressCountry\":{\"@type\":\"Country\",\"name\":\"BR\"}}}},{\"@type\":\"BreadcrumbList\",\"@id\":\"https:\/\/www.famivita.com\/pt\/sobre-nossos-autores\/#breadcrumb\",\"itemListElement\":[{\"@type\":\"ListItem\",\"position\":1,\"name\":\"In\u00edcio\",\"item\":\"https:\/\/www.famivita.com\/pt\/\"},{\"@type\":\"ListItem\",\"position\":2,\"name\":\"Nossos Autores\"}]},{\"@type\":\"WebSite\",\"@id\":\"https:\/\/www.famivita.com\/pt\/#website\",\"url\":\"https:\/\/www.famivita.com\/pt\/\",\"name\":\"Famivita\",\"description\":\"\",\"potentialAction\":[{\"@type\":\"SearchAction\",\"target\":{\"@type\":\"EntryPoint\",\"urlTemplate\":\"https:\/\/www.famivita.com\/pt\/?s={search_term_string}\"},\"query-input\":{\"@type\":\"PropertyValueSpecification\",\"valueRequired\":true,\"valueName\":\"search_term_string\"}}],\"inLanguage\":\"pt-PT\"}]}<\/script>\n<!-- \/ Yoast SEO plugin. -->","yoast_head_json":{"title":"Nossos Autores | Famivita","robots":{"index":"index","follow":"follow","max-snippet":"max-snippet:-1","max-image-preview":"max-image-preview:large","max-video-preview":"max-video-preview:-1"},"canonical":"https:\/\/www.famivita.com\/pt\/sobre-nossos-autores\/","og_locale":"pt_PT","og_type":"article","og_title":"Nossos Autores | Famivita","og_description":"Para n\u00f3s, credibilidade e transpar\u00eancia s\u00e3o essenciais. Pensando nisso, nossos artigos s\u00e3o escritos e revisados por um corpo de especialistas da \u00e1rea da sa\u00fade.","og_url":"https:\/\/www.famivita.com\/pt\/sobre-nossos-autores\/","og_site_name":"Famivita","article_modified_time":"2025-03-05T07:12:07+00:00","twitter_card":"summary_large_image","schema":{"@context":"https:\/\/schema.org","@graph":[{"@type":"WebPage","@id":"https:\/\/www.famivita.com\/pt\/sobre-nossos-autores\/","url":"https:\/\/www.famivita.com\/pt\/sobre-nossos-autores\/","name":"Nossos Autores | Famivita","isPartOf":{"@id":"https:\/\/www.famivita.com\/pt\/#website","sameAs":["https:\/\/www.instagram.com\/famivita\/","https:\/\/www.facebook.com\/famivita\/","https:\/\/www.youtube.com\/user\/trocandofraldasyt","https:\/\/api.whatsapp.com\/send\/?phone=5511917837433"]},"datePublished":"2022-08-19T10:15:11+00:00","dateModified":"2025-03-05T07:12:07+00:00","breadcrumb":{"@id":"https:\/\/www.famivita.com\/pt\/sobre-nossos-autores\/#breadcrumb"},"inLanguage":"pt-PT","potentialAction":[{"@type":"ReadAction","target":["https:\/\/www.famivita.com\/pt\/sobre-nossos-autores\/"]}],"about":{"@type":"Organization","@id":"https:\/\/www.famivita.com.br\/#organization","name":"Famivita","logo":"https:\/\/www.famivita.com.br\/wp-content\/themes\/storefront-child\/header_footer_html\/images\/logo_mobile2.svg","url":"https:\/\/www.famivita.com.br\/","address":{"@type":"PostalAddress","streetAddress":"Rua Benedito Fernandes, 545, Santo Amaro","addressLocality":"S\u00e3o Paulo","addressRegion":"S\u00e3o Paulo","postalCode":"04746-110","addressCountry":{"@type":"Country","name":"BR"}}}},{"@type":"BreadcrumbList","@id":"https:\/\/www.famivita.com\/pt\/sobre-nossos-autores\/#breadcrumb","itemListElement":[{"@type":"ListItem","position":1,"name":"In\u00edcio","item":"https:\/\/www.famivita.com\/pt\/"},{"@type":"ListItem","position":2,"name":"Nossos Autores"}]},{"@type":"WebSite","@id":"https:\/\/www.famivita.com\/pt\/#website","url":"https:\/\/www.famivita.com\/pt\/","name":"Famivita","description":"","potentialAction":[{"@type":"SearchAction","target":{"@type":"EntryPoint","urlTemplate":"https:\/\/www.famivita.com\/pt\/?s={search_term_string}"},"query-input":{"@type":"PropertyValueSpecification","valueRequired":true,"valueName":"search_term_string"}}],"inLanguage":"pt-PT"}]}},"_links":{"self":[{"href":"https:\/\/www.famivita.com\/pt\/wp-json\/wp\/v2\/pages\/154627","targetHints":{"allow":["GET"]}}],"collection":[{"href":"https:\/\/www.famivita.com\/pt\/wp-json\/wp\/v2\/pages"}],"about":[{"href":"https:\/\/www.famivita.com\/pt\/wp-json\/wp\/v2\/types\/page"}],"author":[{"embeddable":true,"href":"https:\/\/www.famivita.com\/pt\/wp-json\/wp\/v2\/users\/3"}],"replies":[{"embeddable":true,"href":"https:\/\/www.famivita.com\/pt\/wp-json\/wp\/v2\/comments?post=154627"}],"version-history":[{"count":7,"href":"https:\/\/www.famivita.com\/pt\/wp-json\/wp\/v2\/pages\/154627\/revisions"}],"predecessor-version":[{"id":160628,"href":"https:\/\/www.famivita.com\/pt\/wp-json\/wp\/v2\/pages\/154627\/revisions\/160628"}],"wp:attachment":[{"href":"https:\/\/www.famivita.com\/pt\/wp-json\/wp\/v2\/media?parent=154627"}],"curies":[{"name":"wp","href":"https:\/\/api.w.org\/{rel}","templated":true}]}}